{"id":1488,"date":"2025-07-28T12:07:08","date_gmt":"2025-07-28T12:07:08","guid":{"rendered":"https:\/\/yc4bhvbsmfa.preview.infomaniak.website\/?page_id=1488"},"modified":"2026-04-27T18:40:09","modified_gmt":"2026-04-27T18:40:09","slug":"agenda","status":"publish","type":"page","link":"https:\/\/www.reves-sur-mer.ch\/de\/agenda\/","title":{"rendered":"Agenda"},"content":{"rendered":"<p>[et_pb_section fb_built=\u00a0\u00bb1&Prime; admin_label=\u00a0\u00bbIntro\u00a0\u00bb module_id=\u00a0\u00bbhautdepage\u00a0\u00bb _builder_version=\u00a0\u00bb4.27.4&Prime; _module_preset=\u00a0\u00bbdefault\u00a0\u00bb custom_margin=\u00a0\u00bb-100px||||false|false\u00a0\u00bb global_colors_info=\u00a0\u00bb{}\u00a0\u00bb][et_pb_row _builder_version=\u00a0\u00bb4.27.4&Prime; _module_preset=\u00a0\u00bbdefault\u00a0\u00bb global_colors_info=\u00a0\u00bb{}\u00a0\u00bb][et_pb_column type=\u00a0\u00bb4_4&Prime; admin_label=\u00a0\u00bbColonne\u00a0\u00bb _builder_version=\u00a0\u00bb4.27.4&Prime; _module_preset=\u00a0\u00bbdefault\u00a0\u00bb global_colors_info=\u00a0\u00bb{}\u00a0\u00bb][et_pb_slider _builder_version=\u00a0\u00bb4.27.4&Prime; _module_preset=\u00a0\u00bbdefault\u00a0\u00bb height=\u00a0\u00bb638px\u00a0\u00bb height_tablet=\u00a0\u00bb351px\u00a0\u00bb height_phone=\u00a0\u00bb194px\u00a0\u00bb height_last_edited=\u00a0\u00bbon|tablet\u00a0\u00bb auto=\u00a0\u00bbon\u00a0\u00bb auto_speed=\u00a0\u00bb3000&Prime; auto_ignore_hover=\u00a0\u00bbon\u00a0\u00bb global_colors_info=\u00a0\u00bb{}\u00a0\u00bb][et_pb_slide heading=\u00a0\u00bbProgramme 2026&Prime; _builder_version=\u00a0\u00bb4.27.4&Prime; _module_preset=\u00a0\u00bbdefault\u00a0\u00bb header_level=\u00a0\u00bbh6&Prime; header_font=\u00a0\u00bb|700||on|||||\u00a0\u00bb header_font_size=\u00a0\u00bb40px\u00a0\u00bb background_image=\u00a0\u00bbhttps:\/\/yc4bhvbsmfa.preview.infomaniak.website\/wp-content\/uploads\/2025\/06\/f07af8_9082cc29fc004a0eb9ea4e5db061b147mv2.jpg\u00a0\u00bb background_enable_image=\u00a0\u00bbon\u00a0\u00bb text_orientation=\u00a0\u00bbcenter\u00a0\u00bb header_font_size_tablet=\u00a0\u00bb40px\u00a0\u00bb header_font_size_phone=\u00a0\u00bb16px\u00a0\u00bb header_font_size_last_edited=\u00a0\u00bbon|phone\u00a0\u00bb global_colors_info=\u00a0\u00bb{}\u00a0\u00bb sticky_transition=\u00a0\u00bbon\u00a0\u00bb][\/et_pb_slide][et_pb_slide heading=\u00a0\u00bbProgramme 2026&Prime; _builder_version=\u00a0\u00bb4.27.4&Prime; _module_preset=\u00a0\u00bbdefault\u00a0\u00bb header_level=\u00a0\u00bbh6&Prime; header_font=\u00a0\u00bb|700||on|||||\u00a0\u00bb header_font_size=\u00a0\u00bb40px\u00a0\u00bb background_image=\u00a0\u00bbhttps:\/\/yc4bhvbsmfa.preview.infomaniak.website\/wp-content\/uploads\/2025\/06\/DSC_0048-scaled.jpe\u00a0\u00bb background_enable_image=\u00a0\u00bbon\u00a0\u00bb text_orientation=\u00a0\u00bbcenter\u00a0\u00bb header_font_size_tablet=\u00a0\u00bb40px\u00a0\u00bb header_font_size_phone=\u00a0\u00bb15px\u00a0\u00bb header_font_size_last_edited=\u00a0\u00bbon|phone\u00a0\u00bb global_colors_info=\u00a0\u00bb{}\u00a0\u00bb sticky_transition=\u00a0\u00bbon\u00a0\u00bb][\/et_pb_slide][et_pb_slide heading=\u00a0\u00bbProgramme 2026&Prime; _builder_version=\u00a0\u00bb4.27.4&Prime; _module_preset=\u00a0\u00bbdefault\u00a0\u00bb header_level=\u00a0\u00bbh6&Prime; header_font=\u00a0\u00bb|700||on|||||\u00a0\u00bb header_font_size=\u00a0\u00bb40px\u00a0\u00bb background_image=\u00a0\u00bbhttps:\/\/yc4bhvbsmfa.preview.infomaniak.website\/wp-content\/uploads\/2025\/06\/f07af8_071f5f9d6426434c9abfd92e4cef4ba0mv2.jpg\u00a0\u00bb background_enable_image=\u00a0\u00bbon\u00a0\u00bb header_font_size_tablet=\u00a0\u00bb40px\u00a0\u00bb header_font_size_phone=\u00a0\u00bb15px\u00a0\u00bb header_font_size_last_edited=\u00a0\u00bbon|phone\u00a0\u00bb global_colors_info=\u00a0\u00bb{}\u00a0\u00bb sticky_transition=\u00a0\u00bbon\u00a0\u00bb][\/et_pb_slide][et_pb_slide heading=\u00a0\u00bbProgramme 2026&Prime; _builder_version=\u00a0\u00bb4.27.4&Prime; _module_preset=\u00a0\u00bbdefault\u00a0\u00bb header_level=\u00a0\u00bbh6&Prime; header_font=\u00a0\u00bb|700|||||||\u00a0\u00bb header_text_align=\u00a0\u00bbcenter\u00a0\u00bb header_font_size=\u00a0\u00bb40px\u00a0\u00bb background_image=\u00a0\u00bbhttps:\/\/yc4bhvbsmfa.preview.infomaniak.website\/wp-content\/uploads\/2025\/06\/f07af8_081645b319f94d9e9940111d0e6dceefmv2.jpg\u00a0\u00bb background_enable_image=\u00a0\u00bbon\u00a0\u00bb header_font_size_tablet=\u00a0\u00bb40px\u00a0\u00bb header_font_size_phone=\u00a0\u00bb15px\u00a0\u00bb header_font_size_last_edited=\u00a0\u00bbon|phone\u00a0\u00bb global_colors_info=\u00a0\u00bb{}\u00a0\u00bb sticky_transition=\u00a0\u00bbon\u00a0\u00bb][\/et_pb_slide][et_pb_slide heading=\u00a0\u00bbProgramme 2026&Prime; _builder_version=\u00a0\u00bb4.27.4&Prime; _module_preset=\u00a0\u00bbdefault\u00a0\u00bb header_level=\u00a0\u00bbh6&Prime; header_font=\u00a0\u00bb|700||on|||||\u00a0\u00bb header_text_align=\u00a0\u00bbcenter\u00a0\u00bb header_font_size=\u00a0\u00bb40px\u00a0\u00bb background_image=\u00a0\u00bbhttps:\/\/yc4bhvbsmfa.preview.infomaniak.website\/wp-content\/uploads\/2025\/06\/CB1920F1-EC27-411D-AFCD-8088C9C30858_1_201_a-scaled.jpe\u00a0\u00bb background_enable_image=\u00a0\u00bbon\u00a0\u00bb global_colors_info=\u00a0\u00bb{}\u00a0\u00bb sticky_transition=\u00a0\u00bbon\u00a0\u00bb][\/et_pb_slide][et_pb_slide heading=\u00a0\u00bbProgramme 2026&Prime; _builder_version=\u00a0\u00bb4.27.4&Prime; _module_preset=\u00a0\u00bbdefault\u00a0\u00bb header_level=\u00a0\u00bbh6&Prime; header_font=\u00a0\u00bb|800||on|||||\u00a0\u00bb header_font_size=\u00a0\u00bb40px\u00a0\u00bb background_image=\u00a0\u00bbhttps:\/\/yc4bhvbsmfa.preview.infomaniak.website\/wp-content\/uploads\/2025\/06\/82c2d941-1de1-4784-8a1e-68ea6c857da6.jpg\u00a0\u00bb background_enable_image=\u00a0\u00bbon\u00a0\u00bb header_font_size_tablet=\u00a0\u00bb40px\u00a0\u00bb header_font_size_phone=\u00a0\u00bb40px\u00a0\u00bb header_font_size_last_edited=\u00a0\u00bbon|phone\u00a0\u00bb global_colors_info=\u00a0\u00bb{}\u00a0\u00bb sticky_transition=\u00a0\u00bbon\u00a0\u00bb][\/et_pb_slide][\/et_pb_slider][\/et_pb_column][\/et_pb_row][\/et_pb_section][et_pb_section fb_built=\u00a0\u00bb1&Prime; admin_label=\u00a0\u00bbIntro\u00a0\u00bb module_id=\u00a0\u00bbhautdepage\u00a0\u00bb _builder_version=\u00a0\u00bb4.27.4&Prime; _module_preset=\u00a0\u00bbdefault\u00a0\u00bb custom_margin=\u00a0\u00bb-80px||||false|false\u00a0\u00bb global_colors_info=\u00a0\u00bb{}\u00a0\u00bb][et_pb_row _builder_version=\u00a0\u00bb4.27.4&Prime; _module_preset=\u00a0\u00bbdefault\u00a0\u00bb global_colors_info=\u00a0\u00bb{}\u00a0\u00bb][et_pb_column type=\u00a0\u00bb4_4&Prime; admin_label=\u00a0\u00bbColonne\u00a0\u00bb _builder_version=\u00a0\u00bb4.27.4&Prime; _module_preset=\u00a0\u00bbdefault\u00a0\u00bb global_colors_info=\u00a0\u00bb{}\u00a0\u00bb][et_pb_text _builder_version=\u00a0\u00bb4.27.4&Prime; _module_preset=\u00a0\u00bbdefault\u00a0\u00bb text_font=\u00a0\u00bbArial||||||||\u00a0\u00bb text_text_color=\u00a0\u00bb#000000&Prime; text_font_size=\u00a0\u00bb16px\u00a0\u00bb hover_enabled=\u00a0\u00bb0&Prime; global_colors_info=\u00a0\u00bb{}\u00a0\u00bb sticky_enabled=\u00a0\u00bb0&Prime;]<\/p>\n<p class=\"font_8 wixui-rich-text__text\" style=\"line-height: normal; font-size: 17px; text-align: left;\"><span style=\"font-weight: bold;\" class=\"wixui-rich-text__text\">\u200b<\/span><span style=\"letter-spacing: normal;\" class=\"wixui-rich-text__text\"><span style=\"color: #2ec7c7;\" class=\"wixui-rich-text__text\"><span style=\"font-family: montserrat,sans-serif;\" class=\"wixui-rich-text__text\"><span class=\"wixui-rich-text__text\">\u200b<\/span><\/span><\/span><\/span><\/p>\n<table data-path-to-node=\"1\" style=\"width: 1010px; font-family: Google Sans Text, sans-serif !important; line-height: 1.15 !important; border-style: solid; margin-left: auto; margin-right: auto;\" border=\"1px solid\">\n<thead style=\"font-family: Google Sans Text, sans-serif !important; line-height: 1.15 !important; margin-top: 0px !important;\">\n<tr style=\"font-family: Google Sans Text, sans-serif !important; line-height: 1.15 !important; margin-top: 0px !important;\">\n<td style=\"border: 1px solid; font-family: Google Sans Text, sans-serif !important; line-height: 1.15 !important; margin-top: 0px !important; width: 146px;\">\n<h3><span style=\"color: #33cccc;\"><strong style=\"font-family: Google Sans Text, sans-serif !important; line-height: 1.15 !important; margin-top: 0px !important; margin-bottom: 0px !important;\">Date<\/strong><\/span><\/h3>\n<\/td>\n<td style=\"border: 1px solid; font-family: Google Sans Text, sans-serif !important; line-height: 1.15 !important; margin-top: 0px !important; width: 114px;\">\n<h3><span style=\"color: #33cccc;\"><strong style=\"font-family: Google Sans Text, sans-serif !important; line-height: 1.15 !important; margin-top: 0px !important; margin-bottom: 0px !important;\">\u00c9v\u00e9nement (Activit\u00e9)<\/strong><\/span><\/h3>\n<\/td>\n<td style=\"border: 1px solid; font-family: Google Sans Text, sans-serif !important; line-height: 1.15 !important; margin-top: 0px !important; width: 61px;\">\n<h3><span style=\"color: #33cccc;\"><strong style=\"font-family: Google Sans Text, sans-serif !important; line-height: 1.15 !important; margin-top: 0px !important; margin-bottom: 0px !important;\">Heure<\/strong><\/span><\/h3>\n<\/td>\n<td style=\"border: 1px solid; font-family: Google Sans Text, sans-serif !important; line-height: 1.15 !important; margin-top: 0px !important; width: 89px;\">\n<h3><span style=\"color: #33cccc;\"><strong style=\"font-family: Google Sans Text, sans-serif !important; line-height: 1.15 !important; margin-top: 0px !important; margin-bottom: 0px !important;\">Lieu<\/strong><\/span><\/h3>\n<\/td>\n<\/tr>\n<\/thead>\n<tbody style=\"font-family: Google Sans Text, sans-serif !important; line-height: 1.15 !important; margin-top: 0px !important;\">\n<tr>\n<td style=\"border: 1px solid; font-family: Google Sans Text, sans-serif !important; line-height: 1.15 !important; margin-top: 0px !important; width: 146px;\"><span data-path-to-node=\"1,2,0,0\" style=\"font-family: Google Sans Text, sans-serif !important; line-height: 1.15 !important; margin-top: 0px !important;\"><b style=\"font-family: Google Sans Text, sans-serif !important; line-height: 1.15 !important; margin-top: 0px !important;\">27 avril 2026<\/b><\/span><\/td>\n<td style=\"border: 1px solid; font-family: Google Sans Text, sans-serif !important; line-height: 1.15 !important; margin-top: 0px !important; width: 114px;\"><span data-path-to-node=\"1,2,1,0\" style=\"font-family: Google Sans Text, sans-serif !important; line-height: 1.15 !important; margin-top: 0px !important;\"><b style=\"font-family: Google Sans Text, sans-serif !important; line-height: 1.15 !important; margin-top: 0px !important;\">Soir\u00e9e d&rsquo;information <\/b><\/span><span data-path-to-node=\"1,2,1,0\" style=\"font-family: Google Sans Text, sans-serif !important; line-height: 1.15 !important; margin-top: 0px !important;\">pour les participants au camp 2026 de La-Tour-sur-Mer\u00a0<\/span><\/td>\n<td style=\"border: 1px solid; font-family: Google Sans Text, sans-serif !important; line-height: 1.15 !important; margin-top: 0px !important; width: 61px;\"><span data-path-to-node=\"1,2,2,0\" style=\"font-family: Google Sans Text, sans-serif !important; line-height: 1.15 !important; margin-top: 0px !important;\">18h00<\/span><\/td>\n<td style=\"border: 1px solid; font-family: Google Sans Text, sans-serif !important; line-height: 1.15 !important; margin-top: 0px !important; width: 89px;\"><span data-path-to-node=\"1,2,3,0\" style=\"font-family: Google Sans Text, sans-serif !important; line-height: 1.15 !important; margin-top: 0px !important;\">CO de la Tour-de-Tr\u00eame<\/span><\/td>\n<\/tr>\n<tr>\n<td style=\"border: 1px solid; font-family: Google Sans Text, sans-serif !important; line-height: 1.15 !important; margin-top: 0px !important; width: 146px;\"><span data-path-to-node=\"1,2,0,0\" style=\"font-family: Google Sans Text, sans-serif !important; line-height: 1.15 !important; margin-top: 0px !important;\"><b style=\"font-family: Google Sans Text, sans-serif !important; line-height: 1.15 !important; margin-top: 0px !important;\">28 avril 2026<\/b><\/span><\/td>\n<td style=\"border: 1px solid; font-family: Google Sans Text, sans-serif !important; line-height: 1.15 !important; margin-top: 0px !important; width: 114px;\"><span data-path-to-node=\"1,2,1,0\" style=\"font-family: Google Sans Text, sans-serif !important; line-height: 1.15 !important; margin-top: 0px !important;\"><b style=\"font-family: Google Sans Text, sans-serif !important; line-height: 1.15 !important; margin-top: 0px !important;\">Soir\u00e9e d&rsquo;information<\/b><\/span><span data-path-to-node=\"1,2,1,0\" style=\"font-family: Google Sans Text, sans-serif !important; line-height: 1.15 !important; margin-top: 0px !important;\">pour les participants au camp 2026 de Riaz-en-Mer et Bulle-en-Mer<\/span><\/td>\n<td style=\"border: 1px solid; font-family: Google Sans Text, sans-serif !important; line-height: 1.15 !important; margin-top: 0px !important; width: 61px;\"><span data-path-to-node=\"1,2,2,0\" style=\"font-family: Google Sans Text, sans-serif !important; line-height: 1.15 !important; margin-top: 0px !important;\">18h00<\/span><\/td>\n<td style=\"border: 1px solid; font-family: Google Sans Text, sans-serif !important; line-height: 1.15 !important; margin-top: 0px !important; width: 89px;\">Co de Bulle<\/td>\n<\/tr>\n<tr style=\"font-family: Google Sans Text, sans-serif !important; line-height: 1.15 !important; margin-top: 0px !important;\">\n<td style=\"border: 1px solid; font-family: Google Sans Text, sans-serif !important; line-height: 1.15 !important; margin-top: 0px !important; width: 146px;\"><span data-path-to-node=\"1,2,0,0\" style=\"font-family: Google Sans Text, sans-serif !important; line-height: 1.15 !important; margin-top: 0px !important;\"><b style=\"font-family: Google Sans Text, sans-serif !important; line-height: 1.15 !important; margin-top: 0px !important;\">13 mai 2026<\/b><\/span><\/td>\n<td style=\"border: 1px solid; font-family: Google Sans Text, sans-serif !important; line-height: 1.15 !important; margin-top: 0px !important; width: 114px;\"><span data-path-to-node=\"1,2,1,0\" style=\"font-family: Google Sans Text, sans-serif !important; line-height: 1.15 !important; margin-top: 0px !important;\"><b style=\"font-family: Google Sans Text, sans-serif !important; line-height: 1.15 !important; margin-top: 0px !important;\">Soir\u00e9e d&rsquo;information<\/b> pour les nouveaux encandrants des camps 2026 R\u00eaves-sur-Mer. Contact: <a href=\"mailto:communication@reves-sur-mer.ch\">communication@reves-sur-mer.ch<\/a><\/span><\/td>\n<td style=\"border: 1px solid; font-family: Google Sans Text, sans-serif !important; line-height: 1.15 !important; margin-top: 0px !important; width: 61px;\"><span data-path-to-node=\"1,2,2,0\" style=\"font-family: Google Sans Text, sans-serif !important; line-height: 1.15 !important; margin-top: 0px !important;\">18h30<\/span><\/td>\n<td style=\"border: 1px solid; font-family: Google Sans Text, sans-serif !important; line-height: 1.15 !important; margin-top: 0px !important; width: 89px;\">\n<p>Restaurant<\/p>\n<p>Le loft \u00e0 Villars-sur Gl\u00e2ne<\/p>\n<\/td>\n<\/tr>\n<tr style=\"font-family: Google Sans Text, sans-serif !important; line-height: 1.15 !important; margin-top: 0px !important;\">\n<td style=\"border: 1px solid; font-family: Google Sans Text, sans-serif !important; line-height: 1.15 !important; margin-top: 0px !important; width: 146px;\"><span data-path-to-node=\"1,3,0,0\" style=\"font-family: Google Sans Text, sans-serif !important; line-height: 1.15 !important; margin-top: 0px !important;\"><b style=\"font-family: Google Sans Text, sans-serif !important; line-height: 1.15 !important; margin-top: 0px !important;\">23 au 30 mai 2026<\/b><\/span><\/td>\n<td style=\"border: 1px solid; font-family: Google Sans Text, sans-serif !important; line-height: 1.15 !important; margin-top: 0px !important; width: 114px;\"><span data-path-to-node=\"1,3,1,0\" style=\"font-family: Google Sans Text, sans-serif !important; line-height: 1.15 !important; margin-top: 0px !important;\"><b style=\"font-family: Google Sans Text, sans-serif !important; line-height: 1.15 !important; margin-top: 0px !important;\">La-Tour-sur-Mer<\/b> \/ Camp de voile avec le CO La Tour-de-Tr\u00eame<\/span><\/td>\n<td style=\"border: 1px solid; font-family: Google Sans Text, sans-serif !important; line-height: 1.15 !important; margin-top: 0px !important; width: 61px;\"><\/td>\n<td style=\"border: 1px solid; font-family: Google Sans Text, sans-serif !important; line-height: 1.15 !important; margin-top: 0px !important; width: 89px;\"><span data-path-to-node=\"1,3,3,0\" style=\"font-family: Google Sans Text, sans-serif !important; line-height: 1.15 !important; margin-top: 0px !important;\">La Seyne s\/Mer \/ Porquerolles<\/span><\/td>\n<\/tr>\n<tr style=\"font-family: Google Sans Text, sans-serif !important; line-height: 1.15 !important; margin-top: 0px !important;\">\n<td style=\"border: 1px solid; font-family: Google Sans Text, sans-serif !important; line-height: 1.15 !important; margin-top: 0px !important; width: 146px;\"><span data-path-to-node=\"1,4,0,0\" style=\"font-family: Google Sans Text, sans-serif !important; line-height: 1.15 !important; margin-top: 0px !important;\"><b style=\"font-family: Google Sans Text, sans-serif !important; line-height: 1.15 !important; margin-top: 0px !important;\">30 mai au 6 juin 2026<\/b><\/span><\/td>\n<td style=\"border: 1px solid; font-family: Google Sans Text, sans-serif !important; line-height: 1.15 !important; margin-top: 0px !important; width: 114px;\"><span data-path-to-node=\"1,4,1,0\" style=\"font-family: Google Sans Text, sans-serif !important; line-height: 1.15 !important; margin-top: 0px !important;\"><b style=\"font-family: Google Sans Text, sans-serif !important; line-height: 1.15 !important; margin-top: 0px !important;\">Riaz-en-Mer<\/b> \/ Camp de voile avec le CO Riaz<\/span><\/td>\n<td style=\"border: 1px solid; font-family: Google Sans Text, sans-serif !important; line-height: 1.15 !important; margin-top: 0px !important; width: 61px;\"><\/td>\n<td style=\"border: 1px solid; font-family: Google Sans Text, sans-serif !important; line-height: 1.15 !important; margin-top: 0px !important; width: 89px;\"><span data-path-to-node=\"1,4,3,0\" style=\"font-family: Google Sans Text, sans-serif !important; line-height: 1.15 !important; margin-top: 0px !important;\">La Seyne s\/Mer \/ Porquerolles<\/span><\/td>\n<\/tr>\n<tr style=\"font-family: Google Sans Text, sans-serif !important; line-height: 1.15 !important; margin-top: 0px !important;\">\n<td style=\"border: 1px solid; font-family: Google Sans Text, sans-serif !important; line-height: 1.15 !important; margin-top: 0px !important; width: 146px;\"><span data-path-to-node=\"1,5,0,0\" style=\"font-family: Google Sans Text, sans-serif !important; line-height: 1.15 !important; margin-top: 0px !important;\"><b style=\"font-family: Google Sans Text, sans-serif !important; line-height: 1.15 !important; margin-top: 0px !important;\">6 au 13 juin 2026<\/b><\/span><\/td>\n<td style=\"border: 1px solid; font-family: Google Sans Text, sans-serif !important; line-height: 1.15 !important; margin-top: 0px !important; width: 114px;\"><span data-path-to-node=\"1,5,1,0\" style=\"font-family: Google Sans Text, sans-serif !important; line-height: 1.15 !important; margin-top: 0px !important;\"><b style=\"font-family: Google Sans Text, sans-serif !important; line-height: 1.15 !important; margin-top: 0px !important;\">Bulle-en-Mer<\/b> \/ Camp de voile avec le CO Bulle<\/span><\/td>\n<td style=\"border: 1px solid; font-family: Google Sans Text, sans-serif !important; line-height: 1.15 !important; margin-top: 0px !important; width: 61px;\"><\/td>\n<td style=\"border: 1px solid; font-family: Google Sans Text, sans-serif !important; line-height: 1.15 !important; margin-top: 0px !important; width: 89px;\"><span data-path-to-node=\"1,5,3,0\" style=\"font-family: Google Sans Text, sans-serif !important; line-height: 1.15 !important; margin-top: 0px !important;\">La Seyne s\/Mer \/ Porquerolles<\/span><\/td>\n<\/tr>\n<tr style=\"font-family: Google Sans Text, sans-serif !important; line-height: 1.15 !important; margin-top: 0px !important;\">\n<td style=\"border: 1px solid; font-family: Google Sans Text, sans-serif !important; line-height: 1.15 !important; margin-top: 0px !important; width: 146px;\"><span data-path-to-node=\"1,6,0,0\" style=\"font-family: Google Sans Text, sans-serif !important; line-height: 1.15 !important; margin-top: 0px !important;\"><b style=\"font-family: Google Sans Text, sans-serif !important; line-height: 1.15 !important; margin-top: 0px !important;\">27 juin au 4 juillet 2026<\/b><\/span><\/td>\n<td style=\"border: 1px solid; font-family: Google Sans Text, sans-serif !important; line-height: 1.15 !important; margin-top: 0px !important; width: 114px;\"><span data-path-to-node=\"1,6,1,0\" style=\"font-family: Google Sans Text, sans-serif !important; line-height: 1.15 !important; margin-top: 0px !important;\"><b style=\"font-family: Google Sans Text, sans-serif !important; line-height: 1.15 !important; margin-top: 0px !important;\">Semaine de voile<\/b> avec le Home de la Berallaz\/VD<\/span><\/td>\n<td style=\"border: 1px solid; font-family: Google Sans Text, sans-serif !important; line-height: 1.15 !important; margin-top: 0px !important; width: 61px;\"><\/td>\n<td style=\"border: 1px solid; font-family: Google Sans Text, sans-serif !important; line-height: 1.15 !important; margin-top: 0px !important; width: 89px;\"><span data-path-to-node=\"1,6,3,0\" style=\"font-family: Google Sans Text, sans-serif !important; line-height: 1.15 !important; margin-top: 0px !important;\">La Seyne s\/Mer \/ Porquerolles<\/span><\/td>\n<\/tr>\n<tr style=\"font-family: Google Sans Text, sans-serif !important; line-height: 1.15 !important; margin-top: 0px !important;\">\n<td style=\"border: 1px solid; font-family: Google Sans Text, sans-serif !important; line-height: 1.15 !important; margin-top: 0px !important; width: 146px;\"><span data-path-to-node=\"1,7,0,0\" style=\"font-family: Google Sans Text, sans-serif !important; line-height: 1.15 !important; margin-top: 0px !important;\"><b style=\"font-family: Google Sans Text, sans-serif !important; line-height: 1.15 !important; margin-top: 0px !important;\">2 septembre 2026<\/b><\/span><\/td>\n<td style=\"border: 1px solid; font-family: Google Sans Text, sans-serif !important; line-height: 1.15 !important; margin-top: 0px !important; width: 114px;\"><span data-path-to-node=\"1,7,1,0\" style=\"font-family: Google Sans Text, sans-serif !important; line-height: 1.15 !important; margin-top: 0px !important;\"><b style=\"font-family: Google Sans Text, sans-serif !important; line-height: 1.15 !important; margin-top: 0px !important;\">Sc\u00e9ance d&rsquo;information<\/b> pour tous les encadrants des camps RSM de l&rsquo;automne 2026<\/span><\/td>\n<td style=\"border: 1px solid; font-family: Google Sans Text, sans-serif !important; line-height: 1.15 !important; margin-top: 0px !important; width: 61px;\"><span data-path-to-node=\"1,7,2,0\" style=\"font-family: Google Sans Text, sans-serif !important; line-height: 1.15 !important; margin-top: 0px !important;\">18h00<\/span><\/td>\n<td style=\"border: 1px solid; font-family: Google Sans Text, sans-serif !important; line-height: 1.15 !important; margin-top: 0px !important; width: 89px;\"><span data-path-to-node=\"1,7,3,0\" style=\"font-family: Google Sans Text, sans-serif !important; line-height: 1.15 !important; margin-top: 0px !important;\">CO Avry s\/Matran<\/span><\/td>\n<\/tr>\n<tr style=\"font-family: Google Sans Text, sans-serif !important; line-height: 1.15 !important; margin-top: 0px !important;\">\n<td style=\"border: 1px solid; font-family: Google Sans Text, sans-serif !important; line-height: 1.15 !important; margin-top: 0px !important; width: 146px;\"><span data-path-to-node=\"1,8,0,0\" style=\"font-family: Google Sans Text, sans-serif !important; line-height: 1.15 !important; margin-top: 0px !important;\"><b style=\"font-family: Google Sans Text, sans-serif !important; line-height: 1.15 !important; margin-top: 0px !important;\">10 au 17 octobre 2026<\/b><\/span><\/td>\n<td style=\"border: 1px solid; font-family: Google Sans Text, sans-serif !important; line-height: 1.15 !important; margin-top: 0px !important; width: 114px;\"><span data-path-to-node=\"1,8,1,0\" style=\"font-family: Google Sans Text, sans-serif !important; line-height: 1.15 !important; margin-top: 0px !important;\"><b style=\"font-family: Google Sans Text, sans-serif !important; line-height: 1.15 !important; margin-top: 0px !important;\">R\u00eaves-sur-Mer<\/b> \/ 1re semaine \/ Camp de voile avec divers CO du Canton de Fribourg<\/span><\/td>\n<td style=\"border: 1px solid; font-family: Google Sans Text, sans-serif !important; line-height: 1.15 !important; margin-top: 0px !important; width: 61px;\"><\/td>\n<td style=\"border: 1px solid; font-family: Google Sans Text, sans-serif !important; line-height: 1.15 !important; margin-top: 0px !important; width: 89px;\"><span data-path-to-node=\"1,8,3,0\" style=\"font-family: Google Sans Text, sans-serif !important; line-height: 1.15 !important; margin-top: 0px !important;\">La Seyne s\/Mer \/ Porquerolles<\/span><\/td>\n<\/tr>\n<tr style=\"font-family: Google Sans Text, sans-serif !important; line-height: 1.15 !important; margin-top: 0px !important;\">\n<td style=\"border: 1px solid; font-family: Google Sans Text, sans-serif !important; line-height: 1.15 !important; margin-top: 0px !important; width: 146px;\"><span data-path-to-node=\"1,9,0,0\" style=\"font-family: Google Sans Text, sans-serif !important; line-height: 1.15 !important; margin-top: 0px !important;\"><b style=\"font-family: Google Sans Text, sans-serif !important; line-height: 1.15 !important; margin-top: 0px !important;\">17 au 24 octobre 2026<\/b><\/span><\/td>\n<td style=\"border: 1px solid; font-family: Google Sans Text, sans-serif !important; line-height: 1.15 !important; margin-top: 0px !important; width: 114px;\"><span data-path-to-node=\"1,9,1,0\" style=\"font-family: Google Sans Text, sans-serif !important; line-height: 1.15 !important; margin-top: 0px !important;\"><b style=\"font-family: Google Sans Text, sans-serif !important; line-height: 1.15 !important; margin-top: 0px !important;\">R\u00eaves-sur-Mer<\/b> \/ 2e semaine \/ Camp de voile avec divers CO du Canton de Fribourg<\/span><\/td>\n<td style=\"border: 1px solid; font-family: Google Sans Text, sans-serif !important; line-height: 1.15 !important; margin-top: 0px !important; width: 61px;\"><\/td>\n<td style=\"border: 1px solid; font-family: Google Sans Text, sans-serif !important; line-height: 1.15 !important; margin-top: 0px !important; width: 89px;\"><span data-path-to-node=\"1,9,3,0\" style=\"font-family: Google Sans Text, sans-serif !important; line-height: 1.15 !important; margin-top: 0px !important;\">La Seyne s\/Mer \/ Porquerolles<\/span><\/td>\n<\/tr>\n<\/tbody>\n<\/table>\n<p class=\"font_8 wixui-rich-text__text\" style=\"line-height: normal; font-size: 17px; text-align: left;\"><span style=\"letter-spacing: normal;\" class=\"wixui-rich-text__text\"><span style=\"color: #2ec7c7;\" class=\"wixui-rich-text__text\"><span style=\"font-family: montserrat,sans-serif;\" class=\"wixui-rich-text__text\"><\/span><\/span><\/span><\/p>\n<p>[\/et_pb_text][\/et_pb_column][\/et_pb_row][\/et_pb_section][et_pb_section fb_built=\u00a0\u00bb1&Prime; admin_label=\u00a0\u00bbSection\u00a0\u00bb _builder_version=\u00a0\u00bb4.27.4&Prime; _module_preset=\u00a0\u00bbdefault\u00a0\u00bb global_colors_info=\u00a0\u00bb{}\u00a0\u00bb][et_pb_row _builder_version=\u00a0\u00bb4.27.4&Prime; _module_preset=\u00a0\u00bbdefault\u00a0\u00bb global_colors_info=\u00a0\u00bb{}\u00a0\u00bb][et_pb_column type=\u00a0\u00bb4_4&Prime; _builder_version=\u00a0\u00bb4.27.4&Prime; _module_preset=\u00a0\u00bbdefault\u00a0\u00bb global_colors_info=\u00a0\u00bb{}\u00a0\u00bb][et_pb_button button_url=\u00a0\u00bb#hautdepage\u00a0\u00bb button_text=\u00a0\u00bbRetour en haut\u00a0\u00bb button_alignment=\u00a0\u00bbcenter\u00a0\u00bb _builder_version=\u00a0\u00bb4.27.4&Prime; _module_preset=\u00a0\u00bb2714af32-b0bb-42ac-9d53-5a7fa3aece80&Prime; button_icon=\u00a0\u00bb&#x21;||divi||400&Prime; box_shadow_style=\u00a0\u00bbpreset4&Prime; locked=\u00a0\u00bboff\u00a0\u00bb global_colors_info=\u00a0\u00bb{}\u00a0\u00bb][\/et_pb_button][\/et_pb_column][\/et_pb_row][\/et_pb_section]<\/p>\n","protected":false},"excerpt":{"rendered":"<p>\u200b\u200b Date \u00c9v\u00e9nement (Activit\u00e9) Heure Lieu 27 avril 2026 Soir\u00e9e d&rsquo;information pour les participants au camp 2026 de La-Tour-sur-Mer\u00a0 18h00 CO de la Tour-de-Tr\u00eame 28 avril 2026 Soir\u00e9e d&rsquo;informationpour les participants au camp 2026 de Riaz-en-Mer et Bulle-en-Mer 18h00 Co de Bulle 13 mai 2026 Soir\u00e9e d&rsquo;information pour les nouveaux encandrants des camps 2026 R\u00eaves-sur-Mer. [&hellip;]<\/p>\n","protected":false},"author":1,"featured_media":0,"parent":0,"menu_order":0,"comment_status":"closed","ping_status":"closed","template":"","meta":{"_et_pb_use_builder":"on","_et_pb_old_content":"","_et_gb_content_width":"","footnotes":""},"class_list":["post-1488","page","type-page","status-publish","hentry"],"_links":{"self":[{"href":"https:\/\/www.reves-sur-mer.ch\/de\/wp-json\/wp\/v2\/pages\/1488","targetHints":{"allow":["GET"]}}],"collection":[{"href":"https:\/\/www.reves-sur-mer.ch\/de\/wp-json\/wp\/v2\/pages"}],"about":[{"href":"https:\/\/www.reves-sur-mer.ch\/de\/wp-json\/wp\/v2\/types\/page"}],"author":[{"embeddable":true,"href":"https:\/\/www.reves-sur-mer.ch\/de\/wp-json\/wp\/v2\/users\/1"}],"replies":[{"embeddable":true,"href":"https:\/\/www.reves-sur-mer.ch\/de\/wp-json\/wp\/v2\/comments?post=1488"}],"version-history":[{"count":34,"href":"https:\/\/www.reves-sur-mer.ch\/de\/wp-json\/wp\/v2\/pages\/1488\/revisions"}],"predecessor-version":[{"id":3724,"href":"https:\/\/www.reves-sur-mer.ch\/de\/wp-json\/wp\/v2\/pages\/1488\/revisions\/3724"}],"wp:attachment":[{"href":"https:\/\/www.reves-sur-mer.ch\/de\/wp-json\/wp\/v2\/media?parent=1488"}],"curies":[{"name":"wp","href":"https:\/\/api.w.org\/{rel}","templated":true}]}}