{"id":1317,"date":"2025-07-15T16:02:55","date_gmt":"2025-07-15T16:02:55","guid":{"rendered":"https:\/\/yc4bhvbsmfa.preview.infomaniak.website\/?page_id=1317"},"modified":"2026-03-15T14:43:44","modified_gmt":"2026-03-15T14:43:44","slug":"formation","status":"publish","type":"page","link":"http:\/\/www.reves-sur-mer.ch\/fr_fr\/formation\/","title":{"rendered":"Formation"},"content":{"rendered":"<p>[et_pb_section fb_built=\u00a0\u00bb1&Prime; _builder_version=\u00a0\u00bb4.27.4&Prime; _module_preset=\u00a0\u00bbdefault\u00a0\u00bb custom_margin=\u00a0\u00bb-60px||||false|false\u00a0\u00bb global_colors_info=\u00a0\u00bb{}\u00a0\u00bb][et_pb_row _builder_version=\u00a0\u00bb4.27.4&Prime; _module_preset=\u00a0\u00bbdefault\u00a0\u00bb width=\u00a0\u00bb100%\u00a0\u00bb max_width=\u00a0\u00bb1902px\u00a0\u00bb global_colors_info=\u00a0\u00bb{}\u00a0\u00bb][et_pb_column type=\u00a0\u00bb4_4&Prime; admin_label=\u00a0\u00bbColonne\u00a0\u00bb _builder_version=\u00a0\u00bb4.27.4&Prime; _module_preset=\u00a0\u00bbdefault\u00a0\u00bb global_colors_info=\u00a0\u00bb{}\u00a0\u00bb][et_pb_heading title=\u00a0\u00bbFormation\u00a0\u00bb _builder_version=\u00a0\u00bb4.27.4&Prime; _module_preset=\u00a0\u00bbdefault\u00a0\u00bb title_font=\u00a0\u00bb|800||on|||||\u00a0\u00bb title_text_align=\u00a0\u00bbcenter\u00a0\u00bb title_text_color=\u00a0\u00bb#2ec7c7&Prime; title_font_size=\u00a0\u00bb40px\u00a0\u00bb title_letter_spacing=\u00a0\u00bb4px\u00a0\u00bb global_colors_info=\u00a0\u00bb{}\u00a0\u00bb][\/et_pb_heading][\/et_pb_column][\/et_pb_row][et_pb_row _builder_version=\u00a0\u00bb4.27.4&Prime; _module_preset=\u00a0\u00bbdefault\u00a0\u00bb width=\u00a0\u00bb100%\u00a0\u00bb max_width=\u00a0\u00bb1902px\u00a0\u00bb global_colors_info=\u00a0\u00bb{}\u00a0\u00bb][et_pb_column type=\u00a0\u00bb4_4&Prime; admin_label=\u00a0\u00bbColonne\u00a0\u00bb _builder_version=\u00a0\u00bb4.27.4&Prime; _module_preset=\u00a0\u00bbdefault\u00a0\u00bb custom_padding=\u00a0\u00bb|140px||140px|false|false\u00a0\u00bb global_colors_info=\u00a0\u00bb{}\u00a0\u00bb][et_pb_gallery gallery_ids=\u00a0\u00bb1284,1286,452,203&Prime; show_title_and_caption=\u00a0\u00bboff\u00a0\u00bb show_pagination=\u00a0\u00bboff\u00a0\u00bb _builder_version=\u00a0\u00bb4.27.4&Prime; _module_preset=\u00a0\u00bbdefault\u00a0\u00bb custom_padding=\u00a0\u00bb||||false|false\u00a0\u00bb global_colors_info=\u00a0\u00bb{}\u00a0\u00bb][\/et_pb_gallery][\/et_pb_column][\/et_pb_row][et_pb_row _builder_version=\u00a0\u00bb4.27.4&Prime; _module_preset=\u00a0\u00bbdefault\u00a0\u00bb custom_margin=\u00a0\u00bb||||false|false\u00a0\u00bb global_colors_info=\u00a0\u00bb{}\u00a0\u00bb][et_pb_column type=\u00a0\u00bb4_4&Prime; _builder_version=\u00a0\u00bb4.27.4&Prime; _module_preset=\u00a0\u00bbdefault\u00a0\u00bb global_colors_info=\u00a0\u00bb{}\u00a0\u00bb][et_pb_divider _builder_version=\u00a0\u00bb4.27.4&Prime; _module_preset=\u00a0\u00bbdefault\u00a0\u00bb global_colors_info=\u00a0\u00bb{}\u00a0\u00bb][\/et_pb_divider][\/et_pb_column][\/et_pb_row][et_pb_row _builder_version=\u00a0\u00bb4.27.4&Prime; _module_preset=\u00a0\u00bbdefault\u00a0\u00bb custom_margin=\u00a0\u00bb-25px||||false|false\u00a0\u00bb global_colors_info=\u00a0\u00bb{}\u00a0\u00bb][et_pb_column type=\u00a0\u00bb4_4&Prime; _builder_version=\u00a0\u00bb4.27.4&Prime; _module_preset=\u00a0\u00bbdefault\u00a0\u00bb global_colors_info=\u00a0\u00bb{}\u00a0\u00bb][et_pb_heading title=\u00a0\u00bbPermis mer : cours th\u00e9oriques en avril 2026&Prime; _builder_version=\u00a0\u00bb4.27.4&Prime; _module_preset=\u00a0\u00bbdefault\u00a0\u00bb title_level=\u00a0\u00bbh5&Prime; title_font=\u00a0\u00bbArial|800|||||||\u00a0\u00bb title_font_size=\u00a0\u00bb20px\u00a0\u00bb global_colors_info=\u00a0\u00bb{}\u00a0\u00bb][\/et_pb_heading][et_pb_text admin_label=\u00a0\u00bbTexte\u00a0\u00bb _builder_version=\u00a0\u00bb4.27.4&Prime; _module_preset=\u00a0\u00bbdefault\u00a0\u00bb text_font=\u00a0\u00bbArial||||||||\u00a0\u00bb text_text_color=\u00a0\u00bb#000000&Prime; text_font_size=\u00a0\u00bb18px\u00a0\u00bb custom_margin=\u00a0\u00bb-20px||||false|false\u00a0\u00bb global_colors_info=\u00a0\u00bb{}\u00a0\u00bb]<\/p>\n<p><a href=\"https:\/\/www.planb-voile.ch\/\" target=\"_blank\" rel=\"noopener\">David et Alexandre Giovannini<\/a> \u2013 les fils de Jean-Paul Baechler \u2013 lancent la cession 2026 de leur cours de pr\u00e9paration \u00e0 l\u2019examen th\u00e9orique du permis mer. Le cours est donn\u00e9 \u00e0 Fribourg les samedis 4-11-18-25 avril prochains. Veuillez utiliser leur <a href=\"http:\/\/www.reves-sur-mer.ch\/wp-content\/uploads\/2026\/01\/INSCRIPTION-COURS-2026.pdf\" target=\"_blank\" rel=\"noopener\" title=\"INSCRIPTION-COURS-2026.pdf\">document d\u2019inscription<\/a>\u00a0pour y participer. Attention, places limit\u00e9es ! Pour informations compl\u00e9mentaires, deux instances sont comp\u00e9tentes en Suisse pour proc\u00e9der aux examens th\u00e9oriques officiels du permis mer: <a href=\"https:\/\/www.sya.ch\/fr_FR\/\" target=\"_blank\" rel=\"noopener\">Swiss Yachting Association (SYA)<\/a> et <a href=\"https:\/\/www.cruisingclub.ch\/fr\" target=\"_blank\" rel=\"noopener\">Cruising Club Suisse (CCS)<\/a>. Voir aussi: <a href=\"https:\/\/www.schweizerischesseeschifffahrtsamt.eda.admin.ch\/fr\/certificat-suisse-de-conduite-en-mer\" target=\"_blank\" rel=\"noopener\">office suisse de la navigation maritime OSNM<\/a>.<\/p>\n<p>[\/et_pb_text][et_pb_image src=\u00a0\u00bbhttp:\/\/www.reves-sur-mer.ch\/wp-content\/uploads\/2026\/01\/Cours_theorique.png\u00a0\u00bb title_text=\u00a0\u00bbCours_theorique\u00a0\u00bb _builder_version=\u00a0\u00bb4.27.4&Prime; _module_preset=\u00a0\u00bbdefault\u00a0\u00bb width=\u00a0\u00bb48%\u00a0\u00bb max_width=\u00a0\u00bb50%\u00a0\u00bb global_colors_info=\u00a0\u00bb{}\u00a0\u00bb][\/et_pb_image][\/et_pb_column][\/et_pb_row][et_pb_row _builder_version=\u00a0\u00bb4.27.4&Prime; _module_preset=\u00a0\u00bbdefault\u00a0\u00bb custom_margin=\u00a0\u00bb||||false|false\u00a0\u00bb global_colors_info=\u00a0\u00bb{}\u00a0\u00bb][et_pb_column type=\u00a0\u00bb4_4&Prime; _builder_version=\u00a0\u00bb4.27.4&Prime; _module_preset=\u00a0\u00bbdefault\u00a0\u00bb global_colors_info=\u00a0\u00bb{}\u00a0\u00bb][et_pb_divider _builder_version=\u00a0\u00bb4.27.4&Prime; _module_preset=\u00a0\u00bbdefault\u00a0\u00bb global_colors_info=\u00a0\u00bb{}\u00a0\u00bb][\/et_pb_divider][\/et_pb_column][\/et_pb_row][et_pb_row _builder_version=\u00a0\u00bb4.27.4&Prime; _module_preset=\u00a0\u00bbdefault\u00a0\u00bb custom_margin=\u00a0\u00bb-25px||||false|false\u00a0\u00bb global_colors_info=\u00a0\u00bb{}\u00a0\u00bb][et_pb_column type=\u00a0\u00bb4_4&Prime; _builder_version=\u00a0\u00bb4.27.4&Prime; _module_preset=\u00a0\u00bbdefault\u00a0\u00bb global_colors_info=\u00a0\u00bb{}\u00a0\u00bb][et_pb_heading title=\u00a0\u00bbCroisi\u00e8res Milles pour permis mer\u00a0\u00bb _builder_version=\u00a0\u00bb4.27.4&Prime; _module_preset=\u00a0\u00bbdefault\u00a0\u00bb title_level=\u00a0\u00bbh5&Prime; title_font=\u00a0\u00bbArial|800|||||||\u00a0\u00bb title_font_size=\u00a0\u00bb20px\u00a0\u00bb global_colors_info=\u00a0\u00bb{}\u00a0\u00bb][\/et_pb_heading][et_pb_text _builder_version=\u00a0\u00bb4.27.4&Prime; _module_preset=\u00a0\u00bbdefault\u00a0\u00bb text_font=\u00a0\u00bbArial||||||||\u00a0\u00bb text_text_color=\u00a0\u00bb#000000&Prime; text_font_size=\u00a0\u00bb18px\u00a0\u00bb header_font=\u00a0\u00bbUrbanist||||||||\u00a0\u00bb header_text_color=\u00a0\u00bb#000000&Prime; header_font_size=\u00a0\u00bb18px\u00a0\u00bb custom_margin=\u00a0\u00bb-20px||||false|false\u00a0\u00bb hover_enabled=\u00a0\u00bb0&Prime; global_colors_info=\u00a0\u00bb{}\u00a0\u00bb sticky_enabled=\u00a0\u00bb0&Prime;]<\/p>\n<p>Notre nouveau membre Benjamin Ruffieux de l\u2019association <a href=\"https:\/\/maremotrice.ch\/wp\/fr\/home-3\"><strong>Mar\u00e9Motrice<\/strong><\/a> propose des semaines de navigation id\u00e9ales pour r\u00e9aliser les milles utiles \u00e0 l\u2019obtention du permis mer.<\/p>\n<p>Ne manquez pas de visiter son site Internet et profitez de quelques places encore disponibles:<\/p>\n<p><em><a href=\"https:\/\/maremotrice.ch\/wp\/fr\/home-3\"><strong>Mar\u00e9Motrice<\/strong> <\/a>est une association \u00e0 buts non lucratifs. Elle propose \u00e0 des artistes, athl\u00e8tes et navigateurs de sortir des sentiers battus. L\u2019association fait naviguer un voilier unique et m\u00eame mythique: le KNUT, premier voilier d\u2019exp\u00e9dition \u00e9lectrique et solaire qui n\u2019\u00e9met quasi pas de CO2.<\/em><\/p>\n<ul type=\"disc\">\n<li><strong>1-9 mai 2026:<\/strong> Lorient \u2013 Saint-Malo ou Caen<\/li>\n<li><strong>13-21 mai 2026:<\/strong> Caen \u2013 Anglo Normandes \u2013 Caen<\/li>\n<li><strong>18-26 juin 2026: semaine sp\u00e9ciale d\u2019initiation.<\/strong>\u00a0Pas besoin d\u2019exp\u00e9rience au pr\u00e9alable ! Itin\u00e9raire : Caen \u2013 Saint-Malo ou Lorient<\/li>\n<\/ul>\n<p>Equipage de 4 \u00e0 5 + skipper. Prix de la semaine Fr. 950.- + caisse de bord Fr. 200.-<\/p>\n<p>Le bateau KNUT: <a href=\"http:\/\/www.maremotrice.ch\/bateau\">www.maremotrice.ch\/bateau<\/a><\/p>\n<p>Informations \/ inscriptions: <a href=\"mailto:benjamin@maremotrice.ch\">benjamin@maremotrice.ch<\/a><\/p>\n<p>A d\u00e9couvrir sur: <a href=\"http:\/\/www.maremotrice.ch\/voileux\">www.maremotrice.ch\/voileux<\/a><\/p>\n<p>[\/et_pb_text][\/et_pb_column][\/et_pb_row][et_pb_row column_structure=\u00a0\u00bb1_2,1_2&Prime; _builder_version=\u00a0\u00bb4.27.4&Prime; _module_preset=\u00a0\u00bbdefault\u00a0\u00bb custom_margin=\u00a0\u00bb-32px||||false|false\u00a0\u00bb global_colors_info=\u00a0\u00bb{}\u00a0\u00bb][et_pb_column type=\u00a0\u00bb1_2&Prime; _builder_version=\u00a0\u00bb4.27.4&Prime; _module_preset=\u00a0\u00bbdefault\u00a0\u00bb global_colors_info=\u00a0\u00bb{}\u00a0\u00bb][et_pb_image src=\u00a0\u00bbhttp:\/\/www.reves-sur-mer.ch\/wp-content\/uploads\/2026\/03\/Benjamen.jpg\u00a0\u00bb title_text=\u00a0\u00bbBenjamen\u00a0\u00bb _builder_version=\u00a0\u00bb4.27.4&Prime; _module_preset=\u00a0\u00bbdefault\u00a0\u00bb global_colors_info=\u00a0\u00bb{}\u00a0\u00bb][\/et_pb_image][\/et_pb_column][et_pb_column type=\u00a0\u00bb1_2&Prime; _builder_version=\u00a0\u00bb4.27.4&Prime; _module_preset=\u00a0\u00bbdefault\u00a0\u00bb global_colors_info=\u00a0\u00bb{}\u00a0\u00bb][et_pb_image src=\u00a0\u00bbhttp:\/\/www.reves-sur-mer.ch\/wp-content\/uploads\/2026\/03\/MareMotrice.jpg\u00a0\u00bb title_text=\u00a0\u00bbMareMotrice\u00a0\u00bb _builder_version=\u00a0\u00bb4.27.4&Prime; _module_preset=\u00a0\u00bbdefault\u00a0\u00bb global_colors_info=\u00a0\u00bb{}\u00a0\u00bb][\/et_pb_image][\/et_pb_column][\/et_pb_row][et_pb_row _builder_version=\u00a0\u00bb4.27.4&Prime; _module_preset=\u00a0\u00bbdefault\u00a0\u00bb custom_margin=\u00a0\u00bb||||false|false\u00a0\u00bb global_colors_info=\u00a0\u00bb{}\u00a0\u00bb][et_pb_column type=\u00a0\u00bb4_4&Prime; _builder_version=\u00a0\u00bb4.27.4&Prime; _module_preset=\u00a0\u00bbdefault\u00a0\u00bb global_colors_info=\u00a0\u00bb{}\u00a0\u00bb][et_pb_divider _builder_version=\u00a0\u00bb4.27.4&Prime; _module_preset=\u00a0\u00bbdefault\u00a0\u00bb global_colors_info=\u00a0\u00bb{}\u00a0\u00bb][\/et_pb_divider][\/et_pb_column][\/et_pb_row][et_pb_row _builder_version=\u00a0\u00bb4.27.4&Prime; _module_preset=\u00a0\u00bbdefault\u00a0\u00bb custom_margin=\u00a0\u00bb-25px||||false|false\u00a0\u00bb global_colors_info=\u00a0\u00bb{}\u00a0\u00bb][et_pb_column type=\u00a0\u00bb4_4&Prime; _builder_version=\u00a0\u00bb4.27.4&Prime; _module_preset=\u00a0\u00bbdefault\u00a0\u00bb global_colors_info=\u00a0\u00bb{}\u00a0\u00bb][et_pb_heading title=\u00a0\u00bbCours de m\u00e9t\u00e9o marine: \u00e0 l\u2019intention de tout navigateur\u00a0\u00bb _builder_version=\u00a0\u00bb4.27.4&Prime; _module_preset=\u00a0\u00bbdefault\u00a0\u00bb title_level=\u00a0\u00bbh5&Prime; title_font=\u00a0\u00bbArial|800|||||||\u00a0\u00bb title_font_size=\u00a0\u00bb20px\u00a0\u00bb global_colors_info=\u00a0\u00bb{}\u00a0\u00bb][\/et_pb_heading][et_pb_text _builder_version=\u00a0\u00bb4.27.4&Prime; _module_preset=\u00a0\u00bbdefault\u00a0\u00bb text_font=\u00a0\u00bbArial||||||||\u00a0\u00bb text_text_color=\u00a0\u00bb#000000&Prime; text_font_size=\u00a0\u00bb18px\u00a0\u00bb header_font=\u00a0\u00bbUrbanist||||||||\u00a0\u00bb header_text_color=\u00a0\u00bb#000000&Prime; header_font_size=\u00a0\u00bb18px\u00a0\u00bb custom_margin=\u00a0\u00bb-20px||||false|false\u00a0\u00bb global_colors_info=\u00a0\u00bb{}\u00a0\u00bb]<\/p>\n<p>En fin d\u2019ann\u00e9e 2026, l\u2019association JPB proposera un cours de m\u00e9t\u00e9o marine \u00e0 l\u2019intention de l\u2019ensemble de ses membres et de toute personne int\u00e9ress\u00e9e. Cette formation abordera les bases des syst\u00e8mes m\u00e9t\u00e9orologiques rencontr\u00e9s principalement en M\u00e9diterran\u00e9e, en lien avec nos zones de navigation habituelles (Golf du Lion au Golf de G\u00eane). Une attention particuli\u00e8re sera port\u00e9e aux aspects pratiques de la pr\u00e9paration d\u2019itin\u00e9raires: lecture et interpr\u00e9tation des bulletins m\u00e9t\u00e9o, compr\u00e9hension des informations cl\u00e9s et utilisation des principales applications. Un rendez-vous essentiel pour naviguer en prenant les meilleures d\u00e9cisions et en optimisant l\u2019aspect s\u00e9curit\u00e9.<\/p>\n<p><strong>Samedi 7 novembre 2026, de 8h30 \u00e0 14h. D\u00e9tails et possibilit\u00e9s d\u2019inscriptions \u00e0 venir.<\/strong><\/p>\n<p>[\/et_pb_text][\/et_pb_column][\/et_pb_row][et_pb_row column_structure=\u00a0\u00bb1_2,1_2&Prime; _builder_version=\u00a0\u00bb4.27.4&Prime; _module_preset=\u00a0\u00bbdefault\u00a0\u00bb custom_margin=\u00a0\u00bb-32px||||false|false\u00a0\u00bb global_colors_info=\u00a0\u00bb{}\u00a0\u00bb][et_pb_column type=\u00a0\u00bb1_2&Prime; _builder_version=\u00a0\u00bb4.27.4&Prime; _module_preset=\u00a0\u00bbdefault\u00a0\u00bb global_colors_info=\u00a0\u00bb{}\u00a0\u00bb][et_pb_image src=\u00a0\u00bbhttp:\/\/www.reves-sur-mer.ch\/wp-content\/uploads\/2026\/01\/Cours_meteo_photo-e1769353170414.png\u00a0\u00bb title_text=\u00a0\u00bbCours_meteo_photo\u00a0\u00bb _builder_version=\u00a0\u00bb4.27.4&Prime; _module_preset=\u00a0\u00bbdefault\u00a0\u00bb global_colors_info=\u00a0\u00bb{}\u00a0\u00bb][\/et_pb_image][\/et_pb_column][et_pb_column type=\u00a0\u00bb1_2&Prime; _builder_version=\u00a0\u00bb4.27.4&Prime; _module_preset=\u00a0\u00bbdefault\u00a0\u00bb global_colors_info=\u00a0\u00bb{}\u00a0\u00bb][et_pb_image src=\u00a0\u00bbhttp:\/\/www.reves-sur-mer.ch\/wp-content\/uploads\/2026\/01\/Isobare.png\u00a0\u00bb title_text=\u00a0\u00bbIsobare\u00a0\u00bb _builder_version=\u00a0\u00bb4.27.4&Prime; _module_preset=\u00a0\u00bbdefault\u00a0\u00bb global_colors_info=\u00a0\u00bb{}\u00a0\u00bb][\/et_pb_image][\/et_pb_column][\/et_pb_row][et_pb_row admin_label=\u00a0\u00bbLigne\u00a0\u00bb _builder_version=\u00a0\u00bb4.27.4&Prime; _module_preset=\u00a0\u00bbdefault\u00a0\u00bb custom_margin=\u00a0\u00bb||||false|false\u00a0\u00bb global_colors_info=\u00a0\u00bb{}\u00a0\u00bb][et_pb_column type=\u00a0\u00bb4_4&Prime; _builder_version=\u00a0\u00bb4.27.4&Prime; _module_preset=\u00a0\u00bbdefault\u00a0\u00bb global_colors_info=\u00a0\u00bb{}\u00a0\u00bb][et_pb_divider _builder_version=\u00a0\u00bb4.27.4&Prime; _module_preset=\u00a0\u00bbdefault\u00a0\u00bb global_colors_info=\u00a0\u00bb{}\u00a0\u00bb][\/et_pb_divider][\/et_pb_column][\/et_pb_row][et_pb_row _builder_version=\u00a0\u00bb4.27.4&Prime; _module_preset=\u00a0\u00bbdefault\u00a0\u00bb custom_margin=\u00a0\u00bb-25px||||false|false\u00a0\u00bb global_colors_info=\u00a0\u00bb{}\u00a0\u00bb][et_pb_column type=\u00a0\u00bb4_4&Prime; _builder_version=\u00a0\u00bb4.27.4&Prime; _module_preset=\u00a0\u00bbdefault\u00a0\u00bb global_colors_info=\u00a0\u00bb{}\u00a0\u00bb][et_pb_heading title=\u00a0\u00bbCours de man\u0153uvres de port: un besoin d\u00e9montr\u00e9 par le succ\u00e8s du cours\u00a0\u00bb _builder_version=\u00a0\u00bb4.27.4&Prime; _module_preset=\u00a0\u00bbdefault\u00a0\u00bb title_level=\u00a0\u00bbh5&Prime; title_font=\u00a0\u00bbArial|800|||||||\u00a0\u00bb title_font_size=\u00a0\u00bb20px\u00a0\u00bb global_colors_info=\u00a0\u00bb{}\u00a0\u00bb][\/et_pb_heading][et_pb_text _builder_version=\u00a0\u00bb4.27.4&Prime; _module_preset=\u00a0\u00bbdefault\u00a0\u00bb text_font=\u00a0\u00bbArial||||||||\u00a0\u00bb text_text_color=\u00a0\u00bb#000000&Prime; text_font_size=\u00a0\u00bb18px\u00a0\u00bb custom_margin=\u00a0\u00bb-20px||||false|false\u00a0\u00bb global_colors_info=\u00a0\u00bb{}\u00a0\u00bb]<\/p>\n<p>A P\u00e2ques 2025, notre association a organis\u00e9 un cours de man\u0153uvres de port destin\u00e9 aux skippers et aux seconds actifs dans nos diff\u00e9rents camps. Les quinze places disponibles ont \u00e9t\u00e9 r\u00e9serv\u00e9es en quelques jours seulement ! Entre le port de Toulon et Porquerolles, cette formation pratique de 5 jours a permis de renforcer les comp\u00e9tences, la confiance et la coordination des \u00e9quipages. La convivialit\u00e9 et les exigences requises ont contribu\u00e9 \u00e0 la r\u00e9ussite d\u2019un cours au service de la s\u00e9curit\u00e9 et du plaisir de naviguer ensemble.<\/p>\n<p><strong>Prochain cours de man\u0153uvres en 2027: d\u00e9part de Port Pin Rolland, 3 bateaux, 15 personnes, du SA 27 mars au SA 03 avril 2027. <\/strong><strong>D\u00e9tails et possibilit\u00e9s d\u2019inscriptions \u00e0 venir.<\/strong><\/p>\n<p>[\/et_pb_text][et_pb_image src=\u00a0\u00bbhttp:\/\/www.reves-sur-mer.ch\/wp-content\/uploads\/2026\/01\/Cours_manoeuvres_photo.jpg\u00a0\u00bb title_text=\u00a0\u00bbCours_manoeuvres_photo\u00a0\u00bb _builder_version=\u00a0\u00bb4.27.4&Prime; _module_preset=\u00a0\u00bbdefault\u00a0\u00bb width=\u00a0\u00bb48%\u00a0\u00bb max_width=\u00a0\u00bb50%\u00a0\u00bb global_colors_info=\u00a0\u00bb{}\u00a0\u00bb][\/et_pb_image][\/et_pb_column][\/et_pb_row][et_pb_row _builder_version=\u00a0\u00bb4.27.4&Prime; _module_preset=\u00a0\u00bbdefault\u00a0\u00bb custom_margin=\u00a0\u00bb||||false|false\u00a0\u00bb global_colors_info=\u00a0\u00bb{}\u00a0\u00bb][et_pb_column type=\u00a0\u00bb4_4&Prime; _builder_version=\u00a0\u00bb4.27.4&Prime; _module_preset=\u00a0\u00bbdefault\u00a0\u00bb global_colors_info=\u00a0\u00bb{}\u00a0\u00bb][et_pb_divider _builder_version=\u00a0\u00bb4.27.4&Prime; _module_preset=\u00a0\u00bbdefault\u00a0\u00bb global_colors_info=\u00a0\u00bb{}\u00a0\u00bb][\/et_pb_divider][\/et_pb_column][\/et_pb_row][et_pb_row _builder_version=\u00a0\u00bb4.27.4&Prime; _module_preset=\u00a0\u00bbdefault\u00a0\u00bb custom_margin=\u00a0\u00bb-25px||||false|false\u00a0\u00bb global_colors_info=\u00a0\u00bb{}\u00a0\u00bb][et_pb_column type=\u00a0\u00bb4_4&Prime; _builder_version=\u00a0\u00bb4.27.4&Prime; _module_preset=\u00a0\u00bbdefault\u00a0\u00bb global_colors_info=\u00a0\u00bb{}\u00a0\u00bb][et_pb_heading title=\u00a0\u00bbLicence SRC : devenir op\u00e9rateur radio VHF\u00a0\u00bb _builder_version=\u00a0\u00bb4.27.4&Prime; _module_preset=\u00a0\u00bbdefault\u00a0\u00bb title_level=\u00a0\u00bbh5&Prime; title_font=\u00a0\u00bbArial|800|||||||\u00a0\u00bb title_font_size=\u00a0\u00bb20px\u00a0\u00bb global_colors_info=\u00a0\u00bb{}\u00a0\u00bb][\/et_pb_heading][et_pb_text _builder_version=\u00a0\u00bb4.27.4&Prime; _module_preset=\u00a0\u00bbdefault\u00a0\u00bb text_font=\u00a0\u00bbArial||||||||\u00a0\u00bb text_text_color=\u00a0\u00bb#000000&Prime; text_font_size=\u00a0\u00bb18px\u00a0\u00bb custom_margin=\u00a0\u00bb-20px||||false|false\u00a0\u00bb global_colors_info=\u00a0\u00bb{}\u00a0\u00bb]<\/p>\n<p>Comment communiquer en mer, entre bateaux, avec les autorit\u00e9s ou les capitaineries des ports ? Que faire en cas d\u2019avarie ou d\u2019homme \u00e0 la mer ? Comment d\u00e9clencher les secours ou tout simplement se renseigner aupr\u00e8s des autorit\u00e9s comp\u00e9tentes ? La licence SRC d\u2019op\u00e9rateur radio VHF d\u00e9livr\u00e9e par l\u2019Office f\u00e9d\u00e9ral de la communication permet de ma\u00eetriser toute situation.\u00a0Il est bon de savoir que cette licence est exig\u00e9e par de nombreux loueurs de voiliers et elle est obligatoire dans de plus en plus de pays. Notre association souhaite vivement que ses skippers soient d\u00e9tenteurs de la licence SRC.<\/p>\n<p>Pr\u00e9paration \u00e0 l\u2019examen f\u00e9d\u00e9ral: <a href=\"https:\/\/www.nautischool.ch\/home.php\" target=\"_blank\" rel=\"noopener\">Nautischool<\/a> (cours en ligne) ou <a href=\"https:\/\/www.ccs-lj.ch\/wp\/cours-src-lrc-2025-6\/\" target=\"_blank\" rel=\"noopener\">CCS \u2013 Cruising Club Suisse<\/a> (cours en pr\u00e9sentiel \u00e0 Neuch\u00e2tel).<\/p>\n<p>Informations officielles de l\u2019<a href=\"https:\/\/www.bakom.admin.ch\/fr\/examens-de-radiocommunication-maritime\" target=\"_blank\" rel=\"noopener\">OFCOM<\/a>.<\/p>\n<p>[\/et_pb_text][et_pb_image src=\u00a0\u00bbhttp:\/\/www.reves-sur-mer.ch\/wp-content\/uploads\/2026\/01\/Licence_SRC.png\u00a0\u00bb title_text=\u00a0\u00bbLicence_SRC\u00a0\u00bb _builder_version=\u00a0\u00bb4.27.4&Prime; _module_preset=\u00a0\u00bbdefault\u00a0\u00bb width=\u00a0\u00bb48%\u00a0\u00bb max_width=\u00a0\u00bb50%\u00a0\u00bb global_colors_info=\u00a0\u00bb{}\u00a0\u00bb][\/et_pb_image][\/et_pb_column][\/et_pb_row][\/et_pb_section]<\/p>\n","protected":false},"excerpt":{"rendered":"<p>David et Alexandre Giovannini \u2013 les fils de Jean-Paul Baechler \u2013 lancent la cession 2026 de leur cours de pr\u00e9paration \u00e0 l\u2019examen th\u00e9orique du permis mer. Le cours est donn\u00e9 \u00e0 Fribourg les samedis 4-11-18-25 avril prochains. Veuillez utiliser leur document d\u2019inscription\u00a0pour y participer. Attention, places limit\u00e9es ! Pour informations compl\u00e9mentaires, deux instances sont comp\u00e9tentes [&hellip;]<\/p>\n","protected":false},"author":1,"featured_media":0,"parent":0,"menu_order":0,"comment_status":"closed","ping_status":"closed","template":"","meta":{"_et_pb_use_builder":"on","_et_pb_old_content":"","_et_gb_content_width":"","footnotes":""},"class_list":["post-1317","page","type-page","status-publish","hentry"],"_links":{"self":[{"href":"http:\/\/www.reves-sur-mer.ch\/fr_fr\/wp-json\/wp\/v2\/pages\/1317","targetHints":{"allow":["GET"]}}],"collection":[{"href":"http:\/\/www.reves-sur-mer.ch\/fr_fr\/wp-json\/wp\/v2\/pages"}],"about":[{"href":"http:\/\/www.reves-sur-mer.ch\/fr_fr\/wp-json\/wp\/v2\/types\/page"}],"author":[{"embeddable":true,"href":"http:\/\/www.reves-sur-mer.ch\/fr_fr\/wp-json\/wp\/v2\/users\/1"}],"replies":[{"embeddable":true,"href":"http:\/\/www.reves-sur-mer.ch\/fr_fr\/wp-json\/wp\/v2\/comments?post=1317"}],"version-history":[{"count":85,"href":"http:\/\/www.reves-sur-mer.ch\/fr_fr\/wp-json\/wp\/v2\/pages\/1317\/revisions"}],"predecessor-version":[{"id":3668,"href":"http:\/\/www.reves-sur-mer.ch\/fr_fr\/wp-json\/wp\/v2\/pages\/1317\/revisions\/3668"}],"wp:attachment":[{"href":"http:\/\/www.reves-sur-mer.ch\/fr_fr\/wp-json\/wp\/v2\/media?parent=1317"}],"curies":[{"name":"wp","href":"https:\/\/api.w.org\/{rel}","templated":true}]}}